{"id":9301,"date":"2025-12-04T10:00:44","date_gmt":"2025-12-04T09:00:44","guid":{"rendered":"https:\/\/podgorjesg.splet.arnes.si\/?page_id=9301"},"modified":"2025-12-15T08:14:52","modified_gmt":"2025-12-15T07:14:52","slug":"zacenjamo-z-novim-erasmus-ka210-projektom","status":"publish","type":"page","link":"https:\/\/www.ospodgorje.si\/?page_id=9301","title":{"rendered":"Za\u010denjamo z novim Erasmus+ KA210 projektom:"},"content":{"rendered":"\n<p><strong>Za\u010denjamo z novim Erasmus+ KA210 projektom: <\/strong><em><strong>REACT for Future \u2013 Biomimicry and STEM for Sustainability<\/strong><\/em><strong><br>(<em>REACT za prihodnost \u2013 biomimikrija in STEM za trajnost<\/em>)<\/strong><\/p>\n\n\n\n<p>Z veseljem sporo\u010damo, da z dana\u0161njim dnem, <strong>1. decembrom 2025<\/strong>, uradno za\u010denjamo na\u0161 novi 18-mese\u010dni Erasmus+ projekt KA210 z naslovom <em>REACT for Future \u2013 Biomimicry and STEM for Sustainability<\/em>.<\/p>\n\n\n\n<p>V projektu bomo sodelovali z dvema izjemnima partnerjema:<br><strong>\u00dcnye Atat\u00fcrk Ortaokulu<\/strong> iz Tur\u010dije<br><strong>Cercle Augustin d\u2019Hippone<\/strong> iz Pariza, Francija<\/p>\n\n\n\n<p>Projekt bo vklju\u010deval:<br>\ud83d\udd39 strokovna izobra\u017eevanja za u\u010ditelje,<br>\ud83d\udd39 mobilnost na\u0161ih u\u010dencev v Tur\u010dijo,<br>\ud83d\udd39 prihod tur\u0161kih u\u010dencev na mobilnost v Slovenijo,<br>\ud83d\udd39 zaklju\u010dno konferenco z u\u010ditelji v Parizu.<\/p>\n\n\n\n<p>Veselimo se novega znanja, izku\u0161enj, sklepanja prijateljstev ter krepitve vezi med vsemi sodelujo\u010dimi organizacijami. Prepri\u010dani smo, da bo projekt obogatil tako na\u0161e u\u010ditelje kot u\u010dence in prispeval k \u0161irjenju inovativnih pristopov na podro\u010dju biomimikrije in trajnostnega STEM izobra\u017eevanja.<\/p>\n\n\n\n<p>Skupaj ustvarjamo prihodnost!<\/p>\n\n\n\n<p><strong>We are launching a new Erasmus+ KA210 project: <\/strong><em><strong>REACT for Future \u2013 Biomimicry and STEM for Sustainability<\/strong><\/em><\/p>\n\n\n\n<p>We are excited to announce that on <strong>December 1st, 2025<\/strong>, we officially begin our new 18-month Erasmus+ KA210 project titled <em>REACT for Future \u2013 Biomimicry and STEM for Sustainability<\/em>.<\/p>\n\n\n\n<p>Our project partners are:<br>\ud83c\uddf9\ud83c\uddf7 <strong>\u00dcnye Atat\u00fcrk Ortaokulu<\/strong> from Turkey<br>\ud83c\uddeb\ud83c\uddf7 <strong>Cercle Augustin d\u2019Hippone<\/strong> from Paris, France<\/p>\n\n\n\n<p>The project will include:<br>\ud83d\udd39 teacher training activities,<br>\ud83d\udd39 a mobility of Slovenian students to Turkey,<br>\ud83d\udd39 a mobility of Turkish students to Slovenia,<br>\ud83d\udd39 final teacher conference in Paris.<\/p>\n\n\n\n<p>We are looking forward to gaining new knowledge, building new experiences, creating friendships, and strengthening cooperation between all participating organisations. We believe this project will enrich both our teachers and students and contribute to innovative approaches in biomimicry and sustainable STEM education.<\/p>\n\n\n\n<p>Together, we shape the future!<\/p>\n\n\n\n<figure class=\"wp-block-image size-large\"><img loading=\"lazy\" decoding=\"async\" width=\"576\" height=\"1024\" src=\"https:\/\/www.ospodgorje.si\/files\/2025\/12\/plakat-576x1024.jpg\" alt=\"\" class=\"wp-image-9318\" srcset=\"https:\/\/www.ospodgorje.si\/files\/2025\/12\/plakat-576x1024.jpg 576w, https:\/\/www.ospodgorje.si\/files\/2025\/12\/plakat-169x300.jpg 169w, https:\/\/www.ospodgorje.si\/files\/2025\/12\/plakat-768x1365.jpg 768w, https:\/\/www.ospodgorje.si\/files\/2025\/12\/plakat-864x1536.jpg 864w, https:\/\/www.ospodgorje.si\/files\/2025\/12\/plakat.jpg 900w\" sizes=\"auto, (max-width: 576px) 100vw, 576px\" \/><\/figure>\n","protected":false},"excerpt":{"rendered":"<p>Za\u010denjamo z novim Erasmus+ KA210 projektom: REACT for Future \u2013 Biomimicry and STEM for Sustainability(REACT za prihodnost \u2013 biomimikrija in STEM za trajnost) Z veseljem sporo\u010damo, da z dana\u0161njim dnem, 1. decembrom 2025, uradno&#46;&#46;&#46;<\/p>\n","protected":false},"author":25249,"featured_media":0,"parent":0,"menu_order":0,"comment_status":"closed","ping_status":"closed","template":"","meta":{"ngg_post_thumbnail":0,"footnotes":""},"class_list":["post-9301","page","type-page","status-publish","hentry"],"_links":{"self":[{"href":"https:\/\/www.ospodgorje.si\/index.php?rest_route=\/wp\/v2\/pages\/9301","targetHints":{"allow":["GET"]}}],"collection":[{"href":"https:\/\/www.ospodgorje.si\/index.php?rest_route=\/wp\/v2\/pages"}],"about":[{"href":"https:\/\/www.ospodgorje.si\/index.php?rest_route=\/wp\/v2\/types\/page"}],"author":[{"embeddable":true,"href":"https:\/\/www.ospodgorje.si\/index.php?rest_route=\/wp\/v2\/users\/25249"}],"replies":[{"embeddable":true,"href":"https:\/\/www.ospodgorje.si\/index.php?rest_route=%2Fwp%2Fv2%2Fcomments&post=9301"}],"version-history":[{"count":2,"href":"https:\/\/www.ospodgorje.si\/index.php?rest_route=\/wp\/v2\/pages\/9301\/revisions"}],"predecessor-version":[{"id":9319,"href":"https:\/\/www.ospodgorje.si\/index.php?rest_route=\/wp\/v2\/pages\/9301\/revisions\/9319"}],"wp:attachment":[{"href":"https:\/\/www.ospodgorje.si\/index.php?rest_route=%2Fwp%2Fv2%2Fmedia&parent=9301"}],"curies":[{"name":"wp","href":"https:\/\/api.w.org\/{rel}","templated":true}]}}